{"id":945,"date":"2025-07-11T15:47:59","date_gmt":"2025-07-11T13:47:59","guid":{"rendered":"http:\/\/www.abcinvoice.eu\/?page_id=945"},"modified":"2026-04-22T14:03:04","modified_gmt":"2026-04-22T12:03:04","slug":"ressources","status":"publish","type":"page","link":"https:\/\/www.abcinvoice.eu\/fr\/ressources\/","title":{"rendered":"Ressources"},"content":{"rendered":"\t\t<div data-elementor-type=\"wp-page\" data-elementor-id=\"945\" class=\"elementor elementor-945\" data-elementor-post-type=\"page\">\n\t\t\t\t<div class=\"elementor-element elementor-element-2364259 e-con-full e-flex e-con e-parent\" data-id=\"2364259\" data-element_type=\"container\" data-settings=\"{&quot;background_background&quot;:&quot;classic&quot;}\">\n\t\t<div class=\"elementor-element elementor-element-ff91391 e-flex e-con-boxed e-con e-child\" data-id=\"ff91391\" data-element_type=\"container\">\n\t\t\t\t\t<div class=\"e-con-inner\">\n\t\t<div class=\"elementor-element elementor-element-d009801 e-con-full e-flex e-con e-child\" data-id=\"d009801\" data-element_type=\"container\">\n\t\t\t\t<div class=\"elementor-element elementor-element-f2d373b elementor-widget elementor-widget-heading\" data-id=\"f2d373b\" data-element_type=\"widget\" data-widget_type=\"heading.default\">\n\t\t\t\t<div class=\"elementor-widget-container\">\n\t\t\t\t\t<h1 class=\"elementor-heading-title elementor-size-default\">Ressources<\/h1>\t\t\t\t<\/div>\n\t\t\t\t<\/div>\n\t\t\t\t<div class=\"elementor-element elementor-element-f9bddfb elementor-widget__width-initial elementor-widget elementor-widget-text-editor\" data-id=\"f9bddfb\" data-element_type=\"widget\" data-widget_type=\"text-editor.default\">\n\t\t\t\t<div class=\"elementor-widget-container\">\n\t\t\t\t\t\t\t\t\tApprenez-en plus sur la facturation \u00e9lectronique.\t\t\t\t\t\t\t\t<\/div>\n\t\t\t\t<\/div>\n\t\t\t\t<\/div>\n\t\t<div class=\"elementor-element elementor-element-e246b90 e-con-full e-flex e-con e-child\" data-id=\"e246b90\" data-element_type=\"container\">\n\t\t<div class=\"elementor-element elementor-element-3e279a9 e-con-full e-flex e-con e-child\" data-id=\"3e279a9\" data-element_type=\"container\" data-settings=\"{&quot;background_background&quot;:&quot;classic&quot;}\">\n\t\t\t\t<div class=\"elementor-element elementor-element-de8b61e elementor-widget elementor-widget-image\" data-id=\"de8b61e\" data-element_type=\"widget\" data-widget_type=\"image.default\">\n\t\t\t\t<div class=\"elementor-widget-container\">\n\t\t\t\t\t\t\t\t\t\t\t\t\t\t\t<img fetchpriority=\"high\" decoding=\"async\" width=\"800\" height=\"600\" src=\"https:\/\/www.abcinvoice.eu\/wp-content\/uploads\/2025\/07\/Free_Hand_Holding_iPhone_16_Pro_Mockup-2-1024x768.jpg\" class=\"attachment-large size-large wp-image-1506\" alt=\"\" srcset=\"https:\/\/www.abcinvoice.eu\/wp-content\/uploads\/2025\/07\/Free_Hand_Holding_iPhone_16_Pro_Mockup-2-1024x768.jpg 1024w, https:\/\/www.abcinvoice.eu\/wp-content\/uploads\/2025\/07\/Free_Hand_Holding_iPhone_16_Pro_Mockup-2-300x225.jpg 300w, https:\/\/www.abcinvoice.eu\/wp-content\/uploads\/2025\/07\/Free_Hand_Holding_iPhone_16_Pro_Mockup-2-768x576.jpg 768w, https:\/\/www.abcinvoice.eu\/wp-content\/uploads\/2025\/07\/Free_Hand_Holding_iPhone_16_Pro_Mockup-2.jpg 1333w\" sizes=\"(max-width: 800px) 100vw, 800px\" \/>\t\t\t\t\t\t\t\t\t\t\t\t\t\t\t<\/div>\n\t\t\t\t<\/div>\n\t\t\t\t<\/div>\n\t\t\t\t<\/div>\n\t\t\t\t\t<\/div>\n\t\t\t\t<\/div>\n\t\t\t\t<\/div>\n\t\t<div class=\"elementor-element elementor-element-172951d e-flex e-con-boxed e-con e-parent\" data-id=\"172951d\" data-element_type=\"container\" data-settings=\"{&quot;background_background&quot;:&quot;classic&quot;}\">\n\t\t\t\t\t<div class=\"e-con-inner\">\n\t\t\t\t<div class=\"elementor-element elementor-element-8c7768f elementor-widget elementor-widget-search\" data-id=\"8c7768f\" data-element_type=\"widget\" data-settings=\"{&quot;submit_trigger&quot;:&quot;click_submit&quot;,&quot;pagination_type_options&quot;:&quot;none&quot;}\" data-widget_type=\"search.default\">\n\t\t\t\t<div class=\"elementor-widget-container\">\n\t\t\t\t\t\t\t<search class=\"e-search hidden\" role=\"search\">\n\t\t\t<form class=\"e-search-form\" action=\"https:\/\/www.abcinvoice.eu\/fr\/\" method=\"get\">\n\n\t\t\t\t\n\t\t\t\t<label class=\"e-search-label\" for=\"search-8c7768f\">\n\t\t\t\t\t<span class=\"elementor-screen-only\">\n\t\t\t\t\t\tRechercher \t\t\t\t\t<\/span>\n\t\t\t\t\t\t\t\t\t<\/label>\n\n\t\t\t\t<div class=\"e-search-input-wrapper\">\n\t\t\t\t\t<input id=\"search-8c7768f\" placeholder=\"\u00c9crivez pour rechercher\" class=\"e-search-input\" type=\"search\" name=\"s\" value=\"\" autocomplete=\"off\" role=\"combobox\" aria-autocomplete=\"list\" aria-expanded=\"false\" aria-controls=\"results-8c7768f\" aria-haspopup=\"listbox\">\n\t\t\t\t\t<svg aria-hidden=\"true\" class=\"e-font-icon-svg e-fas-times\" viewBox=\"0 0 352 512\" xmlns=\"http:\/\/www.w3.org\/2000\/svg\"><path d=\"M242.72 256l100.07-100.07c12.28-12.28 12.28-32.19 0-44.48l-22.24-22.24c-12.28-12.28-32.19-12.28-44.48 0L176 189.28 75.93 89.21c-12.28-12.28-32.19-12.28-44.48 0L9.21 111.45c-12.28 12.28-12.28 32.19 0 44.48L109.28 256 9.21 356.07c-12.28 12.28-12.28 32.19 0 44.48l22.24 22.24c12.28 12.28 32.2 12.28 44.48 0L176 322.72l100.07 100.07c12.28 12.28 32.2 12.28 44.48 0l22.24-22.24c12.28-12.28 12.28-32.19 0-44.48L242.72 256z\"><\/path><\/svg>\t\t\t\t\t\t\t\t\t\t<output id=\"results-8c7768f\" class=\"e-search-results-container hide-loader\" aria-live=\"polite\" aria-atomic=\"true\" aria-label=\"Results for search\" tabindex=\"0\">\n\t\t\t\t\t\t<div class=\"e-search-results\"><\/div>\n\t\t\t\t\t\t\t\t\t\t\t<\/output>\n\t\t\t\t\t\t\t\t\t<\/div>\n\t\t\t\t\n\t\t\t\t\n\t\t\t\t<button class=\"e-search-submit  \" type=\"submit\">\n\t\t\t\t\t\n\t\t\t\t\t\t\t\t\t\t<span class=\"\">\n\t\t\t\t\t\tRechercher \t\t\t\t\t<\/span>\n\t\t\t\t\t\t\t\t\t<\/button>\n\t\t\t\t<input type=\"hidden\" name=\"e_search_props\" value=\"8c7768f-945\">\n\t\t\t<\/form>\n\t\t<\/search>\n\t\t\t\t\t\t<\/div>\n\t\t\t\t<\/div>\n\t\t\t\t<div class=\"elementor-element elementor-element-51a83d7 elementor-grid-2 elementor-grid-tablet-2 elementor-grid-mobile-1 elementor-posts--thumbnail-top elementor-card-shadow-yes elementor-posts__hover-gradient elementor-widget elementor-widget-posts\" data-id=\"51a83d7\" data-element_type=\"widget\" data-settings=\"{&quot;cards_columns&quot;:&quot;2&quot;,&quot;pagination_type&quot;:&quot;prev_next&quot;,&quot;cards_columns_tablet&quot;:&quot;2&quot;,&quot;cards_columns_mobile&quot;:&quot;1&quot;,&quot;cards_row_gap&quot;:{&quot;unit&quot;:&quot;px&quot;,&quot;size&quot;:35,&quot;sizes&quot;:[]},&quot;cards_row_gap_tablet&quot;:{&quot;unit&quot;:&quot;px&quot;,&quot;size&quot;:&quot;&quot;,&quot;sizes&quot;:[]},&quot;cards_row_gap_mobile&quot;:{&quot;unit&quot;:&quot;px&quot;,&quot;size&quot;:&quot;&quot;,&quot;sizes&quot;:[]}}\" data-widget_type=\"posts.cards\">\n\t\t\t\t<div class=\"elementor-widget-container\">\n\t\t\t\t\t\t\t<div class=\"elementor-posts-container elementor-posts elementor-posts--skin-cards elementor-grid\" role=\"list\">\n\t\t\t\t<article class=\"elementor-post elementor-grid-item post-4838 post type-post status-publish format-standard has-post-thumbnail hentry category-reglementation tag-calendrier tag-e-reporting\" role=\"listitem\">\n\t\t\t<div class=\"elementor-post__card\">\n\t\t\t\t<a class=\"elementor-post__thumbnail__link\" href=\"https:\/\/www.abcinvoice.eu\/fr\/plateformes-agreees-et-solutions-compatibles\/\" tabindex=\"-1\" ><div class=\"elementor-post__thumbnail\"><img decoding=\"async\" width=\"300\" height=\"140\" src=\"https:\/\/www.abcinvoice.eu\/wp-content\/uploads\/2025\/07\/logo_solution_compatible_facturation_electronique-300x140.png\" class=\"attachment-medium size-medium wp-image-4823\" alt=\"\" srcset=\"https:\/\/www.abcinvoice.eu\/wp-content\/uploads\/2025\/07\/logo_solution_compatible_facturation_electronique-300x140.png 300w, https:\/\/www.abcinvoice.eu\/wp-content\/uploads\/2025\/07\/logo_solution_compatible_facturation_electronique.png 329w\" sizes=\"(max-width: 300px) 100vw, 300px\" \/><\/div><\/a>\n\t\t\t\t<div class=\"elementor-post__text\">\n\t\t\t\t<h3 class=\"elementor-post__title\">\n\t\t\t<a href=\"https:\/\/www.abcinvoice.eu\/fr\/plateformes-agreees-et-solutions-compatibles\/\" >\n\t\t\t\tFacturation \u00e9lectronique en France : comment choisir la bonne solution d\u00e8s aujourd\u2019hui\t\t\t<\/a>\n\t\t<\/h3>\n\t\t\t\t<div class=\"elementor-post__excerpt\">\n\t\t\t<p>La r\u00e9forme de la facturation \u00e9lectronique en France entre dans sa phase concr\u00e8te. \u00c0 partir de septembre 2026, toutes les entreprises devront \u00eatre capables de<\/p>\n\t\t<\/div>\n\t\t\n\t\t<a class=\"elementor-post__read-more\" href=\"https:\/\/www.abcinvoice.eu\/fr\/plateformes-agreees-et-solutions-compatibles\/\" aria-label=\"En savoir plus sur Facturation \u00e9lectronique en France : comment choisir la bonne solution d\u00e8s aujourd\u2019hui\" tabindex=\"-1\" >\n\t\t\t\t\t<\/a>\n\n\t\t\t\t<\/div>\n\t\t\t\t<div class=\"elementor-post__meta-data\">\n\t\t\t\t\t<span class=\"elementor-post-date\">\n\t\t\t27 mars 2026\t\t<\/span>\n\t\t\t\t<span class=\"elementor-post-avatar\">\n\t\t\tAucun commentaire\t\t<\/span>\n\t\t\t\t<\/div>\n\t\t\t\t\t<\/div>\n\t\t<\/article>\n\t\t\t\t<article class=\"elementor-post elementor-grid-item post-4534 post type-post status-publish format-standard has-post-thumbnail hentry category-reglementation\" role=\"listitem\">\n\t\t\t<div class=\"elementor-post__card\">\n\t\t\t\t<a class=\"elementor-post__thumbnail__link\" href=\"https:\/\/www.abcinvoice.eu\/fr\/belgique-la-periode-de-tolerance-n-est-pas-un-report-peppol\/\" tabindex=\"-1\" ><div class=\"elementor-post__thumbnail\"><img decoding=\"async\" width=\"300\" height=\"168\" src=\"https:\/\/www.abcinvoice.eu\/wp-content\/uploads\/2025\/12\/spfFinances.jpg\" class=\"attachment-medium size-medium wp-image-4535\" alt=\"\" \/><\/div><\/a>\n\t\t\t\t<div class=\"elementor-post__text\">\n\t\t\t\t<h3 class=\"elementor-post__title\">\n\t\t\t<a href=\"https:\/\/www.abcinvoice.eu\/fr\/belgique-la-periode-de-tolerance-n-est-pas-un-report-peppol\/\" >\n\t\t\t\tBelgique : la p\u00e9riode de tol\u00e9rance n&rsquo;est pas un report !\t\t\t<\/a>\n\t\t<\/h3>\n\t\t\t\t<div class=\"elementor-post__excerpt\">\n\t\t\t<p>Seules les entreprises ayant d\u00e9j\u00e0 pris leurs disposition seront \u00ab\u00a0\u00e9pargn\u00e9es\u00a0\u00bb Communiqu\u00e9 du SPF Finances. L\u2019introduction de l\u2019e-facturation obligatoire entre entreprises belges assujetties \u00e0 la TVA<\/p>\n\t\t<\/div>\n\t\t\n\t\t<a class=\"elementor-post__read-more\" href=\"https:\/\/www.abcinvoice.eu\/fr\/belgique-la-periode-de-tolerance-n-est-pas-un-report-peppol\/\" aria-label=\"En savoir plus sur Belgique : la p\u00e9riode de tol\u00e9rance n&rsquo;est pas un report !\" tabindex=\"-1\" >\n\t\t\t\t\t<\/a>\n\n\t\t\t\t<\/div>\n\t\t\t\t<div class=\"elementor-post__meta-data\">\n\t\t\t\t\t<span class=\"elementor-post-date\">\n\t\t\t2 d\u00e9cembre 2025\t\t<\/span>\n\t\t\t\t<span class=\"elementor-post-avatar\">\n\t\t\tAucun commentaire\t\t<\/span>\n\t\t\t\t<\/div>\n\t\t\t\t\t<\/div>\n\t\t<\/article>\n\t\t\t\t<article class=\"elementor-post elementor-grid-item post-4423 post type-post status-publish format-standard has-post-thumbnail hentry category-reglementation\" role=\"listitem\">\n\t\t\t<div class=\"elementor-post__card\">\n\t\t\t\t<a class=\"elementor-post__thumbnail__link\" href=\"https:\/\/www.abcinvoice.eu\/fr\/facture-mentions-obligatoires-en-france\/\" tabindex=\"-1\" ><div class=\"elementor-post__thumbnail\"><img loading=\"lazy\" decoding=\"async\" width=\"300\" height=\"177\" src=\"https:\/\/www.abcinvoice.eu\/wp-content\/uploads\/2025\/11\/Logo_de_la_Republique_francaise-300x177.png\" class=\"attachment-medium size-medium wp-image-4555\" alt=\"\" srcset=\"https:\/\/www.abcinvoice.eu\/wp-content\/uploads\/2025\/11\/Logo_de_la_Republique_francaise-300x177.png 300w, https:\/\/www.abcinvoice.eu\/wp-content\/uploads\/2025\/11\/Logo_de_la_Republique_francaise-768x452.png 768w, https:\/\/www.abcinvoice.eu\/wp-content\/uploads\/2025\/11\/Logo_de_la_Republique_francaise.png 800w\" sizes=\"(max-width: 300px) 100vw, 300px\" \/><\/div><\/a>\n\t\t\t\t<div class=\"elementor-post__text\">\n\t\t\t\t<h3 class=\"elementor-post__title\">\n\t\t\t<a href=\"https:\/\/www.abcinvoice.eu\/fr\/facture-mentions-obligatoires-en-france\/\" >\n\t\t\t\tFacture : quelles sont les mentions obligatoires en France\u00a0?\t\t\t<\/a>\n\t\t<\/h3>\n\t\t\t\t<div class=\"elementor-post__excerpt\">\n\t\t\t<p>Mentions obligatoires sur une facture en France En France, une facture doit comporter un ensemble de mentions obligatoires. Leur absence ou inexactitude peutentra\u00eener des sanctions.<\/p>\n\t\t<\/div>\n\t\t\n\t\t<a class=\"elementor-post__read-more\" href=\"https:\/\/www.abcinvoice.eu\/fr\/facture-mentions-obligatoires-en-france\/\" aria-label=\"En savoir plus sur Facture : quelles sont les mentions obligatoires en France\u00a0?\" tabindex=\"-1\" >\n\t\t\t\t\t<\/a>\n\n\t\t\t\t<\/div>\n\t\t\t\t<div class=\"elementor-post__meta-data\">\n\t\t\t\t\t<span class=\"elementor-post-date\">\n\t\t\t24 novembre 2025\t\t<\/span>\n\t\t\t\t<span class=\"elementor-post-avatar\">\n\t\t\tAucun commentaire\t\t<\/span>\n\t\t\t\t<\/div>\n\t\t\t\t\t<\/div>\n\t\t<\/article>\n\t\t\t\t<article class=\"elementor-post elementor-grid-item post-3535 post type-post status-publish format-standard has-post-thumbnail hentry category-documentation category-integration\" role=\"listitem\">\n\t\t\t<div class=\"elementor-post__card\">\n\t\t\t\t<a class=\"elementor-post__thumbnail__link\" href=\"https:\/\/www.abcinvoice.eu\/fr\/tin_scheme\/\" tabindex=\"-1\" ><div class=\"elementor-post__thumbnail\"><img loading=\"lazy\" decoding=\"async\" width=\"300\" height=\"176\" src=\"https:\/\/www.abcinvoice.eu\/wp-content\/uploads\/2025\/09\/wmremove-transformed-1-300x176.jpeg\" class=\"attachment-medium size-medium wp-image-3610\" alt=\"\" srcset=\"https:\/\/www.abcinvoice.eu\/wp-content\/uploads\/2025\/09\/wmremove-transformed-1-300x176.jpeg 300w, https:\/\/www.abcinvoice.eu\/wp-content\/uploads\/2025\/09\/wmremove-transformed-1-1024x600.jpeg 1024w, https:\/\/www.abcinvoice.eu\/wp-content\/uploads\/2025\/09\/wmremove-transformed-1-768x450.jpeg 768w, https:\/\/www.abcinvoice.eu\/wp-content\/uploads\/2025\/09\/wmremove-transformed-1.jpeg 1300w\" sizes=\"(max-width: 300px) 100vw, 300px\" \/><\/div><\/a>\n\t\t\t\t<div class=\"elementor-post__text\">\n\t\t\t\t<h3 class=\"elementor-post__title\">\n\t\t\t<a href=\"https:\/\/www.abcinvoice.eu\/fr\/tin_scheme\/\" >\n\t\t\t\tCodes des identifiants d&rsquo;entreprises par pays\t\t\t<\/a>\n\t\t<\/h3>\n\t\t\t\t<div class=\"elementor-post__excerpt\">\n\t\t\t<p>Pour adresser une facture \u00e0 un destinataire, vous devez pr\u00e9ciser le type d&rsquo;identifiant fiscal (tinScheme) et l&rsquo;identifiant lui m\u00eame (tinValue). (NB: TIN = Tax Identification<\/p>\n\t\t<\/div>\n\t\t\n\t\t<a class=\"elementor-post__read-more\" href=\"https:\/\/www.abcinvoice.eu\/fr\/tin_scheme\/\" aria-label=\"En savoir plus sur Codes des identifiants d&rsquo;entreprises par pays\" tabindex=\"-1\" >\n\t\t\t\t\t<\/a>\n\n\t\t\t\t<\/div>\n\t\t\t\t<div class=\"elementor-post__meta-data\">\n\t\t\t\t\t<span class=\"elementor-post-date\">\n\t\t\t26 septembre 2025\t\t<\/span>\n\t\t\t\t<span class=\"elementor-post-avatar\">\n\t\t\tAucun commentaire\t\t<\/span>\n\t\t\t\t<\/div>\n\t\t\t\t\t<\/div>\n\t\t<\/article>\n\t\t\t\t<article class=\"elementor-post elementor-grid-item post-1514 post type-post status-publish format-standard has-post-thumbnail hentry category-reglementation\" role=\"listitem\">\n\t\t\t<div class=\"elementor-post__card\">\n\t\t\t\t<a class=\"elementor-post__thumbnail__link\" href=\"https:\/\/www.abcinvoice.eu\/fr\/obligations-legales-par-pays-sur-la-facturation-electronique\/\" tabindex=\"-1\" ><div class=\"elementor-post__thumbnail\"><img loading=\"lazy\" decoding=\"async\" width=\"300\" height=\"175\" src=\"https:\/\/www.abcinvoice.eu\/wp-content\/uploads\/2025\/07\/photo-1608817576203-3c27ed168bd2-300x175.jpg\" class=\"attachment-medium size-medium wp-image-1601\" alt=\"\" srcset=\"https:\/\/www.abcinvoice.eu\/wp-content\/uploads\/2025\/07\/photo-1608817576203-3c27ed168bd2-300x175.jpg 300w, https:\/\/www.abcinvoice.eu\/wp-content\/uploads\/2025\/07\/photo-1608817576203-3c27ed168bd2-1024x599.jpg 1024w, https:\/\/www.abcinvoice.eu\/wp-content\/uploads\/2025\/07\/photo-1608817576203-3c27ed168bd2-768x449.jpg 768w, https:\/\/www.abcinvoice.eu\/wp-content\/uploads\/2025\/07\/photo-1608817576203-3c27ed168bd2-1536x898.jpg 1536w, https:\/\/www.abcinvoice.eu\/wp-content\/uploads\/2025\/07\/photo-1608817576203-3c27ed168bd2.jpg 1710w\" sizes=\"(max-width: 300px) 100vw, 300px\" \/><\/div><\/a>\n\t\t\t\t<div class=\"elementor-post__text\">\n\t\t\t\t<h3 class=\"elementor-post__title\">\n\t\t\t<a href=\"https:\/\/www.abcinvoice.eu\/fr\/obligations-legales-par-pays-sur-la-facturation-electronique\/\" >\n\t\t\t\tObligations l\u00e9gales par pays sur la facturation \u00e9lectronique\t\t\t<\/a>\n\t\t<\/h3>\n\t\t\t\t<div class=\"elementor-post__excerpt\">\n\t\t\t<p>D\u00e9couvrez-en plus sur les diff\u00e9rentes obligations l\u00e9gales par pays.Soyez pr\u00eat avant les r\u00e9formes qui vous concernent ! FRANCE \ud83c\uddeb\ud83c\uddf7 1\u1d49\u02b3\u00a0septembre 2026\u00a0: r\u00e9ception obligatoire pour\u00a0toutes les<\/p>\n\t\t<\/div>\n\t\t\n\t\t<a class=\"elementor-post__read-more\" href=\"https:\/\/www.abcinvoice.eu\/fr\/obligations-legales-par-pays-sur-la-facturation-electronique\/\" aria-label=\"En savoir plus sur Obligations l\u00e9gales par pays sur la facturation \u00e9lectronique\" tabindex=\"-1\" >\n\t\t\t\t\t<\/a>\n\n\t\t\t\t<\/div>\n\t\t\t\t<div class=\"elementor-post__meta-data\">\n\t\t\t\t\t<span class=\"elementor-post-date\">\n\t\t\t17 juillet 2025\t\t<\/span>\n\t\t\t\t<span class=\"elementor-post-avatar\">\n\t\t\tAucun commentaire\t\t<\/span>\n\t\t\t\t<\/div>\n\t\t\t\t\t<\/div>\n\t\t<\/article>\n\t\t\t\t<article class=\"elementor-post elementor-grid-item post-690 post type-post status-publish format-standard has-post-thumbnail hentry category-documentation category-integration tag-integration\" role=\"listitem\">\n\t\t\t<div class=\"elementor-post__card\">\n\t\t\t\t<a class=\"elementor-post__thumbnail__link\" href=\"https:\/\/www.abcinvoice.eu\/fr\/integration-filemaker-add-on\/\" tabindex=\"-1\" ><div class=\"elementor-post__thumbnail\"><img loading=\"lazy\" decoding=\"async\" width=\"300\" height=\"162\" src=\"https:\/\/www.abcinvoice.eu\/wp-content\/uploads\/2025\/06\/3911-300x162.jpg\" class=\"attachment-medium size-medium wp-image-1604\" alt=\"\" srcset=\"https:\/\/www.abcinvoice.eu\/wp-content\/uploads\/2025\/06\/3911-300x162.jpg 300w, https:\/\/www.abcinvoice.eu\/wp-content\/uploads\/2025\/06\/3911-768x415.jpg 768w, https:\/\/www.abcinvoice.eu\/wp-content\/uploads\/2025\/06\/3911.jpg 1000w\" sizes=\"(max-width: 300px) 100vw, 300px\" \/><\/div><\/a>\n\t\t\t\t<div class=\"elementor-post__text\">\n\t\t\t\t<h3 class=\"elementor-post__title\">\n\t\t\t<a href=\"https:\/\/www.abcinvoice.eu\/fr\/integration-filemaker-add-on\/\" >\n\t\t\t\tInt\u00e9gration : FileMaker add-on\t\t\t<\/a>\n\t\t<\/h3>\n\t\t\t\t<div class=\"elementor-post__excerpt\">\n\t\t\t<p>Pour int\u00e9grer ABCinvoice.eu avec FileMaker, le plus simple est d\u2019utiliser l\u2019Add-on ABCinvoice. Webinaire du 14\/10\/2025 : Apprendre \u00e0 int\u00e9grer l&rsquo;add-on FileMaker https:\/\/vimeo.com\/1127218898?share=copy# Partie 1 \u2013<\/p>\n\t\t<\/div>\n\t\t\n\t\t<a class=\"elementor-post__read-more\" href=\"https:\/\/www.abcinvoice.eu\/fr\/integration-filemaker-add-on\/\" aria-label=\"En savoir plus sur Int\u00e9gration : FileMaker add-on\" tabindex=\"-1\" >\n\t\t\t\t\t<\/a>\n\n\t\t\t\t<\/div>\n\t\t\t\t<div class=\"elementor-post__meta-data\">\n\t\t\t\t\t<span class=\"elementor-post-date\">\n\t\t\t14 juin 2025\t\t<\/span>\n\t\t\t\t<span class=\"elementor-post-avatar\">\n\t\t\tAucun commentaire\t\t<\/span>\n\t\t\t\t<\/div>\n\t\t\t\t\t<\/div>\n\t\t<\/article>\n\t\t\t\t<article class=\"elementor-post elementor-grid-item post-658 post type-post status-publish format-standard has-post-thumbnail hentry category-evenements\" role=\"listitem\">\n\t\t\t<div class=\"elementor-post__card\">\n\t\t\t\t<a class=\"elementor-post__thumbnail__link\" href=\"https:\/\/www.abcinvoice.eu\/fr\/presentation-dabcinvoice-eu-a-la-conference-rendezvousfm\/\" tabindex=\"-1\" ><div class=\"elementor-post__thumbnail\"><img loading=\"lazy\" decoding=\"async\" width=\"300\" height=\"169\" src=\"https:\/\/www.abcinvoice.eu\/wp-content\/uploads\/2025\/06\/Capture-decran-2025-07-29-a-15.06.34-300x169.png\" class=\"attachment-medium size-medium wp-image-2629\" alt=\"\" srcset=\"https:\/\/www.abcinvoice.eu\/wp-content\/uploads\/2025\/06\/Capture-decran-2025-07-29-a-15.06.34-300x169.png 300w, https:\/\/www.abcinvoice.eu\/wp-content\/uploads\/2025\/06\/Capture-decran-2025-07-29-a-15.06.34-1024x575.png 1024w, https:\/\/www.abcinvoice.eu\/wp-content\/uploads\/2025\/06\/Capture-decran-2025-07-29-a-15.06.34-768x432.png 768w, https:\/\/www.abcinvoice.eu\/wp-content\/uploads\/2025\/06\/Capture-decran-2025-07-29-a-15.06.34-1536x863.png 1536w, https:\/\/www.abcinvoice.eu\/wp-content\/uploads\/2025\/06\/Capture-decran-2025-07-29-a-15.06.34-2048x1151.png 2048w\" sizes=\"(max-width: 300px) 100vw, 300px\" \/><\/div><\/a>\n\t\t\t\t<div class=\"elementor-post__text\">\n\t\t\t\t<h3 class=\"elementor-post__title\">\n\t\t\t<a href=\"https:\/\/www.abcinvoice.eu\/fr\/presentation-dabcinvoice-eu-a-la-conference-rendezvousfm\/\" >\n\t\t\t\tPr\u00e9sentation d&rsquo;ABCinvoice.eu \u00e0 la conf\u00e9rence RendezVous::FM\t\t\t<\/a>\n\t\t<\/h3>\n\t\t\t\t<div class=\"elementor-post__excerpt\">\n\t\t\t<p>Quelques jours apr\u00e8s la Journ\u00e9e de la facturation \u00e9lectronique (#JDFE) organis\u00e9e par Le Forum National de la Facture \u00c9lectronique et des March\u00e9s Publics \u00c9lectroniques (FNFE-MPE),<\/p>\n\t\t<\/div>\n\t\t\n\t\t<a class=\"elementor-post__read-more\" href=\"https:\/\/www.abcinvoice.eu\/fr\/presentation-dabcinvoice-eu-a-la-conference-rendezvousfm\/\" aria-label=\"En savoir plus sur Pr\u00e9sentation d&rsquo;ABCinvoice.eu \u00e0 la conf\u00e9rence RendezVous::FM\" tabindex=\"-1\" >\n\t\t\t\t\t<\/a>\n\n\t\t\t\t<\/div>\n\t\t\t\t<div class=\"elementor-post__meta-data\">\n\t\t\t\t\t<span class=\"elementor-post-date\">\n\t\t\t3 juin 2025\t\t<\/span>\n\t\t\t\t<span class=\"elementor-post-avatar\">\n\t\t\tAucun commentaire\t\t<\/span>\n\t\t\t\t<\/div>\n\t\t\t\t\t<\/div>\n\t\t<\/article>\n\t\t\t\t<article class=\"elementor-post elementor-grid-item post-552 post type-post status-publish format-standard has-post-thumbnail hentry category-evenements tag-calendrier tag-sponsoring\" role=\"listitem\">\n\t\t\t<div class=\"elementor-post__card\">\n\t\t\t\t<a class=\"elementor-post__thumbnail__link\" href=\"https:\/\/www.abcinvoice.eu\/fr\/evenement-journee-de-la-facturation-electronique-2025\/\" tabindex=\"-1\" ><div class=\"elementor-post__thumbnail\"><img loading=\"lazy\" decoding=\"async\" width=\"300\" height=\"168\" src=\"https:\/\/www.abcinvoice.eu\/wp-content\/uploads\/2025\/05\/cropped-JFE_Affiche-horizontale_titre_ombres-portees-scaled-1-300x168.jpg\" class=\"attachment-medium size-medium wp-image-553\" alt=\"\" srcset=\"https:\/\/www.abcinvoice.eu\/wp-content\/uploads\/2025\/05\/cropped-JFE_Affiche-horizontale_titre_ombres-portees-scaled-1-300x168.jpg 300w, https:\/\/www.abcinvoice.eu\/wp-content\/uploads\/2025\/05\/cropped-JFE_Affiche-horizontale_titre_ombres-portees-scaled-1-1024x575.jpg 1024w, https:\/\/www.abcinvoice.eu\/wp-content\/uploads\/2025\/05\/cropped-JFE_Affiche-horizontale_titre_ombres-portees-scaled-1-768x431.jpg 768w, https:\/\/www.abcinvoice.eu\/wp-content\/uploads\/2025\/05\/cropped-JFE_Affiche-horizontale_titre_ombres-portees-scaled-1.jpg 1500w\" sizes=\"(max-width: 300px) 100vw, 300px\" \/><\/div><\/a>\n\t\t\t\t<div class=\"elementor-post__text\">\n\t\t\t\t<h3 class=\"elementor-post__title\">\n\t\t\t<a href=\"https:\/\/www.abcinvoice.eu\/fr\/evenement-journee-de-la-facturation-electronique-2025\/\" >\n\t\t\t\t\u00c9v\u00e9nement : Journ\u00e9e de la facturation \u00e9lectronique 2025\t\t\t<\/a>\n\t\t<\/h3>\n\t\t\t\t<div class=\"elementor-post__excerpt\">\n\t\t\t<p>Organis\u00e9e par le Forum National de la Facture \u00c9lectronique et des March\u00e9s Publics \u00c9lectroniques (FNFE-MPE), cette journ\u00e9e r\u00e9unira les acteurs de la facturation \u00e9lectronique ainsi<\/p>\n\t\t<\/div>\n\t\t\n\t\t<a class=\"elementor-post__read-more\" href=\"https:\/\/www.abcinvoice.eu\/fr\/evenement-journee-de-la-facturation-electronique-2025\/\" aria-label=\"En savoir plus sur \u00c9v\u00e9nement : Journ\u00e9e de la facturation \u00e9lectronique 2025\" tabindex=\"-1\" >\n\t\t\t\t\t<\/a>\n\n\t\t\t\t<\/div>\n\t\t\t\t<div class=\"elementor-post__meta-data\">\n\t\t\t\t\t<span class=\"elementor-post-date\">\n\t\t\t12 mai 2025\t\t<\/span>\n\t\t\t\t<span class=\"elementor-post-avatar\">\n\t\t\tAucun commentaire\t\t<\/span>\n\t\t\t\t<\/div>\n\t\t\t\t\t<\/div>\n\t\t<\/article>\n\t\t\t\t<article class=\"elementor-post elementor-grid-item post-22 post type-post status-publish format-standard has-post-thumbnail hentry category-reglementation tag-calendrier tag-dates tag-e-reporting tag-france tag-peppol tag-tva\" role=\"listitem\">\n\t\t\t<div class=\"elementor-post__card\">\n\t\t\t\t<a class=\"elementor-post__thumbnail__link\" href=\"https:\/\/www.abcinvoice.eu\/fr\/%f0%9f%87%ab%f0%9f%87%b7-facturation-electronique-en-france-ce-que-dit-la-loi-et-ce-que-ca-change-pour-vous\/\" tabindex=\"-1\" ><div class=\"elementor-post__thumbnail\"><img loading=\"lazy\" decoding=\"async\" width=\"250\" height=\"167\" src=\"https:\/\/www.abcinvoice.eu\/wp-content\/uploads\/2025\/05\/Ensign_of_France.svg_.png\" class=\"attachment-medium size-medium wp-image-1610\" alt=\"\" \/><\/div><\/a>\n\t\t\t\t<div class=\"elementor-post__text\">\n\t\t\t\t<h3 class=\"elementor-post__title\">\n\t\t\t<a href=\"https:\/\/www.abcinvoice.eu\/fr\/%f0%9f%87%ab%f0%9f%87%b7-facturation-electronique-en-france-ce-que-dit-la-loi-et-ce-que-ca-change-pour-vous\/\" >\n\t\t\t\t\ud83c\uddeb\ud83c\uddf7 Facturation \u00e9lectronique en France : ce que dit la loi (et ce que \u00e7a change pour vous)\t\t\t<\/a>\n\t\t<\/h3>\n\t\t\t\t<div class=\"elementor-post__excerpt\">\n\t\t\t<p>La r\u00e9forme arrive, et avec elle, un grand changement dans la fa\u00e7on dont les entreprises vont g\u00e9rer leurs factures. D\u2019ici 2027, toutes les entreprises devront<\/p>\n\t\t<\/div>\n\t\t\n\t\t<a class=\"elementor-post__read-more\" href=\"https:\/\/www.abcinvoice.eu\/fr\/%f0%9f%87%ab%f0%9f%87%b7-facturation-electronique-en-france-ce-que-dit-la-loi-et-ce-que-ca-change-pour-vous\/\" aria-label=\"En savoir plus sur \ud83c\uddeb\ud83c\uddf7 Facturation \u00e9lectronique en France : ce que dit la loi (et ce que \u00e7a change pour vous)\" tabindex=\"-1\" >\n\t\t\t\t\t<\/a>\n\n\t\t\t\t<\/div>\n\t\t\t\t<div class=\"elementor-post__meta-data\">\n\t\t\t\t\t<span class=\"elementor-post-date\">\n\t\t\t12 mai 2025\t\t<\/span>\n\t\t\t\t<span class=\"elementor-post-avatar\">\n\t\t\tAucun commentaire\t\t<\/span>\n\t\t\t\t<\/div>\n\t\t\t\t\t<\/div>\n\t\t<\/article>\n\t\t\t\t<article class=\"elementor-post elementor-grid-item post-25 post type-post status-publish format-standard has-post-thumbnail hentry category-reglementation tag-belgique tag-calendrier tag-dates tag-e-reporting tag-peppol tag-tva\" role=\"listitem\">\n\t\t\t<div class=\"elementor-post__card\">\n\t\t\t\t<a class=\"elementor-post__thumbnail__link\" href=\"https:\/\/www.abcinvoice.eu\/fr\/%f0%9f%87%a7%f0%9f%87%aa-facturation-electronique-en-belgique-ce-que-dit-la-loi-et-ce-que-ca-change-pour-vous\/\" tabindex=\"-1\" ><div class=\"elementor-post__thumbnail\"><img loading=\"lazy\" decoding=\"async\" width=\"300\" height=\"200\" src=\"https:\/\/www.abcinvoice.eu\/wp-content\/uploads\/2025\/05\/Flag_of_Belgium_civil-300x200.jpg\" class=\"attachment-medium size-medium wp-image-1613\" alt=\"\" srcset=\"https:\/\/www.abcinvoice.eu\/wp-content\/uploads\/2025\/05\/Flag_of_Belgium_civil-300x200.jpg 300w, https:\/\/www.abcinvoice.eu\/wp-content\/uploads\/2025\/05\/Flag_of_Belgium_civil-768x512.jpg 768w, https:\/\/www.abcinvoice.eu\/wp-content\/uploads\/2025\/05\/Flag_of_Belgium_civil.jpg 900w\" sizes=\"(max-width: 300px) 100vw, 300px\" \/><\/div><\/a>\n\t\t\t\t<div class=\"elementor-post__text\">\n\t\t\t\t<h3 class=\"elementor-post__title\">\n\t\t\t<a href=\"https:\/\/www.abcinvoice.eu\/fr\/%f0%9f%87%a7%f0%9f%87%aa-facturation-electronique-en-belgique-ce-que-dit-la-loi-et-ce-que-ca-change-pour-vous\/\" >\n\t\t\t\t\ud83c\udde7\ud83c\uddea Facturation \u00e9lectronique en Belgique : ce que dit la loi (et ce que \u00e7a change pour vous)\t\t\t<\/a>\n\t\t<\/h3>\n\t\t\t\t<div class=\"elementor-post__excerpt\">\n\t\t\t<p>La r\u00e9forme arrive, et avec elle, un grand changement dans la fa\u00e7on dont les entreprises vont g\u00e9rer leurs factures. L\u2019objectif est clair : simplifier, s\u00e9curiser<\/p>\n\t\t<\/div>\n\t\t\n\t\t<a class=\"elementor-post__read-more\" href=\"https:\/\/www.abcinvoice.eu\/fr\/%f0%9f%87%a7%f0%9f%87%aa-facturation-electronique-en-belgique-ce-que-dit-la-loi-et-ce-que-ca-change-pour-vous\/\" aria-label=\"En savoir plus sur \ud83c\udde7\ud83c\uddea Facturation \u00e9lectronique en Belgique : ce que dit la loi (et ce que \u00e7a change pour vous)\" tabindex=\"-1\" >\n\t\t\t\t\t<\/a>\n\n\t\t\t\t<\/div>\n\t\t\t\t<div class=\"elementor-post__meta-data\">\n\t\t\t\t\t<span class=\"elementor-post-date\">\n\t\t\t12 mai 2025\t\t<\/span>\n\t\t\t\t<span class=\"elementor-post-avatar\">\n\t\t\tAucun commentaire\t\t<\/span>\n\t\t\t\t<\/div>\n\t\t\t\t\t<\/div>\n\t\t<\/article>\n\t\t\t\t<article class=\"elementor-post elementor-grid-item post-28 post type-post status-publish format-standard has-post-thumbnail hentry category-reglementation tag-conformite tag-dematerialisation tag-factur-x tag-pdf\" role=\"listitem\">\n\t\t\t<div class=\"elementor-post__card\">\n\t\t\t\t<a class=\"elementor-post__thumbnail__link\" href=\"https:\/\/www.abcinvoice.eu\/fr\/dematerialisation-et-facturation-electronique-attention-a-ne-pas-confondre\/\" tabindex=\"-1\" ><div class=\"elementor-post__thumbnail\"><img loading=\"lazy\" decoding=\"async\" width=\"300\" height=\"200\" src=\"https:\/\/www.abcinvoice.eu\/wp-content\/uploads\/2025\/05\/cropped-shot-of-an-unrecognizable-couple-checking-2025-04-06-06-46-42-utc-1-300x200.jpg\" class=\"attachment-medium size-medium wp-image-1616\" alt=\"\" srcset=\"https:\/\/www.abcinvoice.eu\/wp-content\/uploads\/2025\/05\/cropped-shot-of-an-unrecognizable-couple-checking-2025-04-06-06-46-42-utc-1-300x200.jpg 300w, https:\/\/www.abcinvoice.eu\/wp-content\/uploads\/2025\/05\/cropped-shot-of-an-unrecognizable-couple-checking-2025-04-06-06-46-42-utc-1-1024x683.jpg 1024w, https:\/\/www.abcinvoice.eu\/wp-content\/uploads\/2025\/05\/cropped-shot-of-an-unrecognizable-couple-checking-2025-04-06-06-46-42-utc-1-768x513.jpg 768w, https:\/\/www.abcinvoice.eu\/wp-content\/uploads\/2025\/05\/cropped-shot-of-an-unrecognizable-couple-checking-2025-04-06-06-46-42-utc-1.jpg 1500w\" sizes=\"(max-width: 300px) 100vw, 300px\" \/><\/div><\/a>\n\t\t\t\t<div class=\"elementor-post__text\">\n\t\t\t\t<h3 class=\"elementor-post__title\">\n\t\t\t<a href=\"https:\/\/www.abcinvoice.eu\/fr\/dematerialisation-et-facturation-electronique-attention-a-ne-pas-confondre\/\" >\n\t\t\t\tD\u00e9mat\u00e9rialisation et facturation \u00e9lectronique : attention \u00e0 ne pas confondre\t\t\t<\/a>\n\t\t<\/h3>\n\t\t\t\t<div class=\"elementor-post__excerpt\">\n\t\t\t<p>Scanner une facture, ce n\u2019est pas de la facturation \u00e9lectronique Avec l&rsquo;arriv\u00e9e de la r\u00e9forme de la facturation \u00e9lectronique, beaucoup d\u2019entreprises pensent \u00e0 tort que<\/p>\n\t\t<\/div>\n\t\t\n\t\t<a class=\"elementor-post__read-more\" href=\"https:\/\/www.abcinvoice.eu\/fr\/dematerialisation-et-facturation-electronique-attention-a-ne-pas-confondre\/\" aria-label=\"En savoir plus sur D\u00e9mat\u00e9rialisation et facturation \u00e9lectronique : attention \u00e0 ne pas confondre\" tabindex=\"-1\" >\n\t\t\t\t\t<\/a>\n\n\t\t\t\t<\/div>\n\t\t\t\t<div class=\"elementor-post__meta-data\">\n\t\t\t\t\t<span class=\"elementor-post-date\">\n\t\t\t12 mai 2025\t\t<\/span>\n\t\t\t\t<span class=\"elementor-post-avatar\">\n\t\t\tAucun commentaire\t\t<\/span>\n\t\t\t\t<\/div>\n\t\t\t\t\t<\/div>\n\t\t<\/article>\n\t\t\t\t<\/div>\n\t\t\n\t\t\t\t\t\t<\/div>\n\t\t\t\t<\/div>\n\t\t\t\t\t<\/div>\n\t\t\t\t<\/div>\n\t\t<div class=\"elementor-element elementor-element-20ef11a e-flex e-con-boxed e-con e-parent\" data-id=\"20ef11a\" data-element_type=\"container\">\n\t\t\t\t\t<div class=\"e-con-inner\">\n\t\t\t\t\t<\/div>\n\t\t\t\t<\/div>\n\t\t\t\t<\/div>\n\t\t","protected":false},"excerpt":{"rendered":"<p>Ressources Apprenez-en plus sur la facturation \u00e9lectronique. Rechercher Rechercher<\/p>\n","protected":false},"author":3,"featured_media":0,"parent":0,"menu_order":0,"comment_status":"closed","ping_status":"closed","template":"elementor_header_footer","meta":{"footnotes":""},"class_list":["post-945","page","type-page","status-publish","hentry"],"yoast_head":"<!-- This site is optimized with the Yoast SEO plugin v27.5 - https:\/\/yoast.com\/product\/yoast-seo-wordpress\/ -->\n<title>Ressources - ABCinvoice.eu ABCinvoice.eu<\/title>\n<meta name=\"robots\" content=\"index, follow, max-snippet:-1, max-image-preview:large, max-video-preview:-1\" \/>\n<link rel=\"canonical\" href=\"https:\/\/www.abcinvoice.eu\/fr\/ressources\/\" \/>\n<meta property=\"og:locale\" content=\"fr_FR\" \/>\n<meta property=\"og:type\" content=\"article\" \/>\n<meta property=\"og:title\" content=\"Ressources - ABCinvoice.eu ABCinvoice.eu\" \/>\n<meta property=\"og:description\" content=\"Ressources Apprenez-en plus sur la facturation \u00e9lectronique. Rechercher Rechercher\" \/>\n<meta property=\"og:url\" content=\"https:\/\/www.abcinvoice.eu\/fr\/ressources\/\" \/>\n<meta property=\"og:site_name\" content=\"ABCinvoice.eu\" \/>\n<meta property=\"article:modified_time\" content=\"2026-04-22T12:03:04+00:00\" \/>\n<meta property=\"og:image\" content=\"https:\/\/www.abcinvoice.eu\/wp-content\/uploads\/2025\/07\/Free_Hand_Holding_iPhone_16_Pro_Mockup-2.jpg\" \/>\n\t<meta property=\"og:image:width\" content=\"1333\" \/>\n\t<meta property=\"og:image:height\" content=\"1000\" \/>\n\t<meta property=\"og:image:type\" content=\"image\/jpeg\" \/>\n<meta name=\"twitter:card\" content=\"summary_large_image\" \/>\n<meta name=\"twitter:label1\" content=\"Dur\u00e9e de lecture estim\u00e9e\" \/>\n\t<meta name=\"twitter:data1\" content=\"10 minutes\" \/>\n<script type=\"application\/ld+json\" class=\"yoast-schema-graph\">{\"@context\":\"https:\\\/\\\/schema.org\",\"@graph\":[{\"@type\":\"WebPage\",\"@id\":\"https:\\\/\\\/www.abcinvoice.eu\\\/fr\\\/ressources\\\/\",\"url\":\"https:\\\/\\\/www.abcinvoice.eu\\\/fr\\\/ressources\\\/\",\"name\":\"Ressources - ABCinvoice.eu ABCinvoice.eu\",\"isPartOf\":{\"@id\":\"https:\\\/\\\/www.abcinvoice.eu\\\/fr\\\/#website\"},\"primaryImageOfPage\":{\"@id\":\"https:\\\/\\\/www.abcinvoice.eu\\\/fr\\\/ressources\\\/#primaryimage\"},\"image\":{\"@id\":\"https:\\\/\\\/www.abcinvoice.eu\\\/fr\\\/ressources\\\/#primaryimage\"},\"thumbnailUrl\":\"https:\\\/\\\/www.abcinvoice.eu\\\/wp-content\\\/uploads\\\/2025\\\/07\\\/Free_Hand_Holding_iPhone_16_Pro_Mockup-2-1024x768.jpg\",\"datePublished\":\"2025-07-11T13:47:59+00:00\",\"dateModified\":\"2026-04-22T12:03:04+00:00\",\"breadcrumb\":{\"@id\":\"https:\\\/\\\/www.abcinvoice.eu\\\/fr\\\/ressources\\\/#breadcrumb\"},\"inLanguage\":\"fr-FR\",\"potentialAction\":[{\"@type\":\"ReadAction\",\"target\":[\"https:\\\/\\\/www.abcinvoice.eu\\\/fr\\\/ressources\\\/\"]}]},{\"@type\":\"ImageObject\",\"inLanguage\":\"fr-FR\",\"@id\":\"https:\\\/\\\/www.abcinvoice.eu\\\/fr\\\/ressources\\\/#primaryimage\",\"url\":\"https:\\\/\\\/www.abcinvoice.eu\\\/wp-content\\\/uploads\\\/2025\\\/07\\\/Free_Hand_Holding_iPhone_16_Pro_Mockup-2-1024x768.jpg\",\"contentUrl\":\"https:\\\/\\\/www.abcinvoice.eu\\\/wp-content\\\/uploads\\\/2025\\\/07\\\/Free_Hand_Holding_iPhone_16_Pro_Mockup-2-1024x768.jpg\"},{\"@type\":\"BreadcrumbList\",\"@id\":\"https:\\\/\\\/www.abcinvoice.eu\\\/fr\\\/ressources\\\/#breadcrumb\",\"itemListElement\":[{\"@type\":\"ListItem\",\"position\":1,\"name\":\"Accueil\",\"item\":\"https:\\\/\\\/www.abcinvoice.eu\\\/fr\\\/\"},{\"@type\":\"ListItem\",\"position\":2,\"name\":\"Ressources\"}]},{\"@type\":\"WebSite\",\"@id\":\"https:\\\/\\\/www.abcinvoice.eu\\\/fr\\\/#website\",\"url\":\"https:\\\/\\\/www.abcinvoice.eu\\\/fr\\\/\",\"name\":\"ABCinvoice.eu\",\"description\":\"La facturation \u00e9lectronique facile\",\"publisher\":{\"@id\":\"https:\\\/\\\/www.abcinvoice.eu\\\/fr\\\/#organization\"},\"potentialAction\":[{\"@type\":\"SearchAction\",\"target\":{\"@type\":\"EntryPoint\",\"urlTemplate\":\"https:\\\/\\\/www.abcinvoice.eu\\\/fr\\\/?s={search_term_string}\"},\"query-input\":{\"@type\":\"PropertyValueSpecification\",\"valueRequired\":true,\"valueName\":\"search_term_string\"}}],\"inLanguage\":\"fr-FR\"},{\"@type\":\"Organization\",\"@id\":\"https:\\\/\\\/www.abcinvoice.eu\\\/fr\\\/#organization\",\"name\":\"ABCinvoice.eu\",\"url\":\"https:\\\/\\\/www.abcinvoice.eu\\\/fr\\\/\",\"logo\":{\"@type\":\"ImageObject\",\"inLanguage\":\"fr-FR\",\"@id\":\"https:\\\/\\\/www.abcinvoice.eu\\\/fr\\\/#\\\/schema\\\/logo\\\/image\\\/\",\"url\":\"https:\\\/\\\/www.abcinvoice.eu\\\/wp-content\\\/uploads\\\/2025\\\/06\\\/Fichier-101@2x.png\",\"contentUrl\":\"https:\\\/\\\/www.abcinvoice.eu\\\/wp-content\\\/uploads\\\/2025\\\/06\\\/Fichier-101@2x.png\",\"width\":1234,\"height\":155,\"caption\":\"ABCinvoice.eu\"},\"image\":{\"@id\":\"https:\\\/\\\/www.abcinvoice.eu\\\/fr\\\/#\\\/schema\\\/logo\\\/image\\\/\"}}]}<\/script>\n<!-- \/ Yoast SEO plugin. -->","yoast_head_json":{"title":"Ressources - ABCinvoice.eu ABCinvoice.eu","robots":{"index":"index","follow":"follow","max-snippet":"max-snippet:-1","max-image-preview":"max-image-preview:large","max-video-preview":"max-video-preview:-1"},"canonical":"https:\/\/www.abcinvoice.eu\/fr\/ressources\/","og_locale":"fr_FR","og_type":"article","og_title":"Ressources - ABCinvoice.eu ABCinvoice.eu","og_description":"Ressources Apprenez-en plus sur la facturation \u00e9lectronique. Rechercher Rechercher","og_url":"https:\/\/www.abcinvoice.eu\/fr\/ressources\/","og_site_name":"ABCinvoice.eu","article_modified_time":"2026-04-22T12:03:04+00:00","og_image":[{"width":1333,"height":1000,"url":"https:\/\/www.abcinvoice.eu\/wp-content\/uploads\/2025\/07\/Free_Hand_Holding_iPhone_16_Pro_Mockup-2.jpg","type":"image\/jpeg"}],"twitter_card":"summary_large_image","twitter_misc":{"Dur\u00e9e de lecture estim\u00e9e":"10 minutes"},"schema":{"@context":"https:\/\/schema.org","@graph":[{"@type":"WebPage","@id":"https:\/\/www.abcinvoice.eu\/fr\/ressources\/","url":"https:\/\/www.abcinvoice.eu\/fr\/ressources\/","name":"Ressources - ABCinvoice.eu ABCinvoice.eu","isPartOf":{"@id":"https:\/\/www.abcinvoice.eu\/fr\/#website"},"primaryImageOfPage":{"@id":"https:\/\/www.abcinvoice.eu\/fr\/ressources\/#primaryimage"},"image":{"@id":"https:\/\/www.abcinvoice.eu\/fr\/ressources\/#primaryimage"},"thumbnailUrl":"https:\/\/www.abcinvoice.eu\/wp-content\/uploads\/2025\/07\/Free_Hand_Holding_iPhone_16_Pro_Mockup-2-1024x768.jpg","datePublished":"2025-07-11T13:47:59+00:00","dateModified":"2026-04-22T12:03:04+00:00","breadcrumb":{"@id":"https:\/\/www.abcinvoice.eu\/fr\/ressources\/#breadcrumb"},"inLanguage":"fr-FR","potentialAction":[{"@type":"ReadAction","target":["https:\/\/www.abcinvoice.eu\/fr\/ressources\/"]}]},{"@type":"ImageObject","inLanguage":"fr-FR","@id":"https:\/\/www.abcinvoice.eu\/fr\/ressources\/#primaryimage","url":"https:\/\/www.abcinvoice.eu\/wp-content\/uploads\/2025\/07\/Free_Hand_Holding_iPhone_16_Pro_Mockup-2-1024x768.jpg","contentUrl":"https:\/\/www.abcinvoice.eu\/wp-content\/uploads\/2025\/07\/Free_Hand_Holding_iPhone_16_Pro_Mockup-2-1024x768.jpg"},{"@type":"BreadcrumbList","@id":"https:\/\/www.abcinvoice.eu\/fr\/ressources\/#breadcrumb","itemListElement":[{"@type":"ListItem","position":1,"name":"Accueil","item":"https:\/\/www.abcinvoice.eu\/fr\/"},{"@type":"ListItem","position":2,"name":"Ressources"}]},{"@type":"WebSite","@id":"https:\/\/www.abcinvoice.eu\/fr\/#website","url":"https:\/\/www.abcinvoice.eu\/fr\/","name":"ABCinvoice.eu","description":"La facturation \u00e9lectronique facile","publisher":{"@id":"https:\/\/www.abcinvoice.eu\/fr\/#organization"},"potentialAction":[{"@type":"SearchAction","target":{"@type":"EntryPoint","urlTemplate":"https:\/\/www.abcinvoice.eu\/fr\/?s={search_term_string}"},"query-input":{"@type":"PropertyValueSpecification","valueRequired":true,"valueName":"search_term_string"}}],"inLanguage":"fr-FR"},{"@type":"Organization","@id":"https:\/\/www.abcinvoice.eu\/fr\/#organization","name":"ABCinvoice.eu","url":"https:\/\/www.abcinvoice.eu\/fr\/","logo":{"@type":"ImageObject","inLanguage":"fr-FR","@id":"https:\/\/www.abcinvoice.eu\/fr\/#\/schema\/logo\/image\/","url":"https:\/\/www.abcinvoice.eu\/wp-content\/uploads\/2025\/06\/Fichier-101@2x.png","contentUrl":"https:\/\/www.abcinvoice.eu\/wp-content\/uploads\/2025\/06\/Fichier-101@2x.png","width":1234,"height":155,"caption":"ABCinvoice.eu"},"image":{"@id":"https:\/\/www.abcinvoice.eu\/fr\/#\/schema\/logo\/image\/"}}]}},"jetpack_sharing_enabled":true,"_links":{"self":[{"href":"https:\/\/www.abcinvoice.eu\/fr\/wp-json\/wp\/v2\/pages\/945","targetHints":{"allow":["GET"]}}],"collection":[{"href":"https:\/\/www.abcinvoice.eu\/fr\/wp-json\/wp\/v2\/pages"}],"about":[{"href":"https:\/\/www.abcinvoice.eu\/fr\/wp-json\/wp\/v2\/types\/page"}],"author":[{"embeddable":true,"href":"https:\/\/www.abcinvoice.eu\/fr\/wp-json\/wp\/v2\/users\/3"}],"replies":[{"embeddable":true,"href":"https:\/\/www.abcinvoice.eu\/fr\/wp-json\/wp\/v2\/comments?post=945"}],"version-history":[{"count":96,"href":"https:\/\/www.abcinvoice.eu\/fr\/wp-json\/wp\/v2\/pages\/945\/revisions"}],"predecessor-version":[{"id":4860,"href":"https:\/\/www.abcinvoice.eu\/fr\/wp-json\/wp\/v2\/pages\/945\/revisions\/4860"}],"wp:attachment":[{"href":"https:\/\/www.abcinvoice.eu\/fr\/wp-json\/wp\/v2\/media?parent=945"}],"curies":[{"name":"wp","href":"https:\/\/api.w.org\/{rel}","templated":true}]}}